{"id":785,"date":"2024-04-18T07:46:17","date_gmt":"2024-04-18T07:46:17","guid":{"rendered":"https:\/\/themes.hibootstrap.com\/hospa\/?page_id=785"},"modified":"2026-06-22T13:01:19","modified_gmt":"2026-06-22T11:01:19","slug":"informations-legales","status":"publish","type":"page","link":"https:\/\/drdenef.com\/fr\/informations-legales\/","title":{"rendered":"Informations L\u00e9gales"},"content":{"rendered":"\t\t<div data-elementor-type=\"wp-page\" data-elementor-id=\"785\" class=\"elementor elementor-785\">\n\t\t\t\t<div class=\"elementor-element elementor-element-15467f8d e-flex e-con-boxed e-con e-parent\" data-id=\"15467f8d\" data-element_type=\"container\" data-e-type=\"container\">\n\t\t\t\t\t<div class=\"e-con-inner\">\n\t\t\t\t<div class=\"elementor-element elementor-element-47659d8b elementor-widget elementor-widget-text-editor\" data-id=\"47659d8b\" data-element_type=\"widget\" data-e-type=\"widget\" data-widget_type=\"text-editor.default\">\n\t\t\t\t<div class=\"elementor-widget-container\">\n\t\t\t\t\t\t\t\t\t<h2 style=\"color: #2980b9; border-bottom: 2px solid #2980b9; padding-bottom: 5px;\">Concernant les Honoraires<\/h2><div class=\"info-section\" style=\"background-color: #ffffff; padding: 15px; border-radius: 5px; margin-bottom: 20px; box-shadow: 0 2px 5px rgba(0, 0, 0, 0.1);\"><p>En raison d\u2019une situation administrative actuellement en cours de r\u00e9gularisation aupr\u00e8s de l\u2019INAMI, je ne suis temporairement plus en mesure de d\u00e9livrer les documents permettant le remboursement habituel des consultations pour les patients b\u00e9n\u00e9ficiant uniquement de la couverture de leur mutuelle.<\/p><p>Afin de limiter l\u2019impact financier de cette situation, les honoraires sont adapt\u00e9s comme suit :<\/p><p><strong>Premi\u00e8re consultation de m\u00e9decine fonctionnelle<\/strong><\/p><ul><li>130 \u20ac pour les patients disposant uniquement d\u2019une couverture mutuelle.<\/li><li>150 \u20ac pour les patients b\u00e9n\u00e9ficiant d\u2019une assurance compl\u00e9mentaire (DKV, assurance priv\u00e9e, Commission europ\u00e9enne, etc.).<\/li><\/ul><p><strong>Consultation de suivi en m\u00e9decine fonctionnelle<\/strong><\/p><ul><li>80 \u20ac pour les patients disposant uniquement d\u2019une couverture mutuelle.<\/li><li>100 \u20ac pour les patients b\u00e9n\u00e9ficiant d\u2019une assurance compl\u00e9mentaire (DKV, assurance priv\u00e9e, Commission europ\u00e9enne, etc.).<\/li><\/ul><p>Les consultations de m\u00e9decine fonctionnelle n\u00e9cessitent un temps d\u2019\u00e9coute, d\u2019analyse et d\u2019accompagnement nettement sup\u00e9rieur \u00e0 celui d\u2019une consultation classique, afin de permettre une prise en charge globale et personnalis\u00e9e.<\/p><p>Je vous remercie pour votre compr\u00e9hension et votre confiance durant cette p\u00e9riode de r\u00e9gularisation administrative.<\/p><\/div><h2 style=\"color: #2980b9; border-bottom: 2px solid #2980b9; padding-bottom: 5px;\">D\u00e9tails de l&rsquo;entreprise<\/h2><div class=\"info-section\" style=\"background-color: #ffffff; padding: 15px; border-radius: 5px; margin-bottom: 20px; box-shadow: 0 2px 5px rgba(0, 0, 0, 0.1);\"><p>Num\u00e9ro d\u2019entreprise: <strong>851900421<\/strong><\/p><p>Si\u00e8ge Social: <strong>Partena Professionel<\/strong><\/p><p>Assurance Responsabilit\u00e9 Civile: <b>KBC &#8211; Michel Ache<\/b> (+32-2-7313286 \/ michel.ache@kbcbrussels.be)<\/p><\/div><h2 style=\"color: #2980b9; border-bottom: 2px solid #2980b9; padding-bottom: 5px;\">D\u00e9tails m\u00e9dicaux<\/h2><div class=\"info-section\" style=\"background-color: #ffffff; padding: 15px; border-radius: 5px; margin-bottom: 20px; box-shadow: 0 2px 5px rgba(0, 0, 0, 0.1);\"><p>Num\u00e9ro INAMI: <strong>1-09385-31-004<\/strong><\/p><p>Ordre des m\u00e9decins: <strong>Vlaams Brabant &amp; Bruxelles<\/strong><\/p><p>Adresse: <strong>Place de Jamblinne de Meux 34-35, 1030 Bruxelles<\/strong><\/p><p>T\u00e9l\u00e9phone: <strong>027430400<\/strong><\/p><p><span style=\"text-decoration: underline;\"><strong>Les autorit\u00e9s de surveillance :<\/strong><\/span> Agr\u00e9ment : FWB (F\u00e9d\u00e9ration Wallonie-Bruxelles) &#8211; Direction de l\u2019Agr\u00e9ment des<br \/>Prestataires de Soins de Sant\u00e9 (DAPSS) \u2013 rue Adolphe Lavall\u00e9e 1 \u00e0 1080 Bruxelles + VISA : Commission F\u00e9d\u00e9rale de<br \/>contr\u00f4le \u2013 SPF Sant\u00e9 Publique \u2013 avenue Galil\u00e9e 5 bte 2 120 Bruxelles ;<\/p><\/div><h2 style=\"color: #2980b9; border-bottom: 2px solid #2980b9; padding-bottom: 5px;\">Code d\u00e9ontologique<\/h2><div class=\"info-section\" style=\"background-color: #ffffff; padding: 15px; border-radius: 5px; margin-bottom: 20px; box-shadow: 0 2px 5px rgba(0, 0, 0, 0.1);\"><p><a style=\"color: #2980b9; text-decoration: none;\" href=\"https:\/\/www.conseil-national.medecin.fr\/sites\/default\/files\/codedeont.pdf\" target=\"_blank\" rel=\"noopener\">Code d\u00e9ontologique<\/a><\/p><\/div><div class=\"contact-info\" style=\"margin-top: 20px; border-top: 1px solid #ccc; padding-top: 10px; background-color: #fff; padding: 15px; border-radius: 5px;\"><h2 style=\"color: #2980b9; border-bottom: 2px solid #2980b9; padding-bottom: 5px;\">Contact<\/h2><p><strong>Le cabinet du Dr. Denef<\/strong><\/p><p>T\u00e9l\u00e9phone: <strong>0470 87 30 24<\/strong><\/p><p>Email: <a style=\"color: #2980b9; text-decoration: none;\" href=\"mailto:denefmed@gmail.com\">denefmed@gmail.com<\/a><\/p><p>Site: <a style=\"color: #2980b9; text-decoration: none;\" href=\"http:\/\/www.drdenef.com\" target=\"_blank\" rel=\"noopener\">www.drdenef.com<\/a><\/p><p>Skype: <strong>lizziebetty<\/strong><\/p><p>Adresse: <strong>Rue de Spa 13, 1000 Bruxelles<\/strong><\/p><\/div>\t\t\t\t\t\t\t\t<\/div>\n\t\t\t\t<\/div>\n\t\t\t\t\t<\/div>\n\t\t\t\t<\/div>\n\t\t\t\t<\/div>\n\t\t","protected":false},"excerpt":{"rendered":"<p>Concernant les Honoraires En raison d\u2019une situation administrative actuellement en cours de r\u00e9gularisation aupr\u00e8s de l\u2019INAMI, je ne suis temporairement plus en mesure de d\u00e9livrer les documents permettant le remboursement habituel des consultations pour les patients b\u00e9n\u00e9ficiant uniquement de la couverture de leur mutuelle. Afin de limiter l\u2019impact financier de cette situation, les honoraires sont <\/p>\n","protected":false},"author":1,"featured_media":0,"parent":0,"menu_order":0,"comment_status":"closed","ping_status":"closed","template":"","meta":{"_acf_changed":false,"footnotes":""},"class_list":["post-785","page","type-page","status-publish","hentry"],"acf":[],"_links":{"self":[{"href":"https:\/\/drdenef.com\/fr\/wp-json\/wp\/v2\/pages\/785","targetHints":{"allow":["GET"]}}],"collection":[{"href":"https:\/\/drdenef.com\/fr\/wp-json\/wp\/v2\/pages"}],"about":[{"href":"https:\/\/drdenef.com\/fr\/wp-json\/wp\/v2\/types\/page"}],"author":[{"embeddable":true,"href":"https:\/\/drdenef.com\/fr\/wp-json\/wp\/v2\/users\/1"}],"replies":[{"embeddable":true,"href":"https:\/\/drdenef.com\/fr\/wp-json\/wp\/v2\/comments?post=785"}],"version-history":[{"count":25,"href":"https:\/\/drdenef.com\/fr\/wp-json\/wp\/v2\/pages\/785\/revisions"}],"predecessor-version":[{"id":3071,"href":"https:\/\/drdenef.com\/fr\/wp-json\/wp\/v2\/pages\/785\/revisions\/3071"}],"wp:attachment":[{"href":"https:\/\/drdenef.com\/fr\/wp-json\/wp\/v2\/media?parent=785"}],"curies":[{"name":"wp","href":"https:\/\/api.w.org\/{rel}","templated":true}]}}