{"id":1729,"date":"2024-04-02T08:47:56","date_gmt":"2024-04-02T08:47:56","guid":{"rendered":"https:\/\/themes.hibootstrap.com\/hospa\/?page_id=146"},"modified":"2026-06-22T14:28:33","modified_gmt":"2026-06-22T12:28:33","slug":"accueil","status":"publish","type":"page","link":"https:\/\/drdenef.com\/fr\/","title":{"rendered":"Accueil"},"content":{"rendered":"\t\t<div data-elementor-type=\"wp-page\" data-elementor-id=\"1729\" class=\"elementor elementor-1729\">\n\t\t\t\t\t\t<div class=\"elementor-section elementor-top-section elementor-element elementor-element-0b886a9 elementor-section-full_width elementor-section-height-default elementor-section-height-default\" data-id=\"0b886a9\" data-element_type=\"section\" data-e-type=\"section\">\n\t\t\t\t\t\t<div class=\"elementor-container elementor-column-gap-no\">\n\t\t\t\t\t<div class=\"elementor-column elementor-col-100 elementor-top-column elementor-element elementor-element-c2fe43b\" data-id=\"c2fe43b\" data-element_type=\"column\" data-e-type=\"column\">\n\t\t\t<div class=\"elementor-widget-wrap elementor-element-populated\">\n\t\t\t\t\t\t<div class=\"elementor-element elementor-element-9f578d8 elementor-widget elementor-widget-HospaBannerTwo\" data-id=\"9f578d8\" data-element_type=\"widget\" data-e-type=\"widget\" data-widget_type=\"HospaBannerTwo.default\">\n\t\t\t\t<div class=\"elementor-widget-container\">\n\t\t\t\t\t\n        <div class=\"gh-area\">\n            <div class=\"general-hospital-slider owl-carousel owl-theme\">\n                                    <div class=\"general-hospital-slider-item\" style=\"background-image: url(https:\/\/drdenef.com\/wp-content\/uploads\/2024\/06\/1C5A5337_edited.jpg)\">\n                        <div class=\"container-fluid\">\n                            <div class=\"general-hospital-slider-content\">\n                                <div class=\"content\">\n                                    <h1 class=\"title\">\n                                        <span>Dr Denef<\/span>                                    <\/h1>\n\n                                                                            \n                                    M\u00e9decin g\u00e9n\u00e9raliste Trilingue (Fran\u00e7ais, Anglais, N\u00e9erlandais), je suis dipl\u00f4m\u00e9e de l\u2019Universit\u00e9 catholique de Louvain (KUL) depuis 1997. J'ai travaill\u00e9 pendant 15 ans en tant que m\u00e9decin g\u00e9n\u00e9raliste, dont 10 ans \u00e0 Gen\u00e8ve.\n\nSuite \u00e0 une d\u00e9gradation rapide de l'\u00e9tat de sant\u00e9 de l'un de mes enfants ( je vous explique tout en d\u00e9tails dans ma vid\u00e9o   \" Mon histoire \" ), j'ai d\u00e9velopp\u00e9 un int\u00e9r\u00eat particulier pour les traitements compl\u00e9mentaires et alternatifs \u00e0 la m\u00e9decine classique. J'ai donc suivi diverses formations qui m'ont aid\u00e9es \u00e0 \u00e9largir mes connaissances et \u00e0 exercer aujourd'hui mon m\u00e9tier avec une vision int\u00e9grative de la sant\u00e9, o\u00f9 les traitements compl\u00e9mentaires vont de pair avec la m\u00e9decine classique.\n                                                                            <div class=\"slider-btn\">\n                                            <a href=\"https:\/\/drdenef.com\/doctors-post\/dr-denef\/\" class=\"default-btn\">\n                                                                                                    <i class=\"ti ti-circle-arrow-right-filled\"><\/i>\n                                                                                                En Savoir Plus                                            <\/a>\n                                        <\/div>\n                                    \n                                <\/div>\n                                <div class=\"row justify-content-center align-items-center\">\n                                                                            <div class=\"col-lg-6 col-md-6\">\n                                            <div class=\"inner-image\">\n                                                <img decoding=\"async\" src=\"https:\/\/drdenef.com\/wp-content\/uploads\/2024\/06\/IMG_8245_edited.png\" alt=\"inner image\">\n                                            <\/div>\n                                        <\/div>\n                                    \n                                    <div class=\"col-lg-6 col-md-6\">\n                                        <div class=\"inner-info\">\n                                            <div class=\"box\">\n                                                <span class=\"sub\">  Une Question?\nPlus d'Information?<\/span>\n                                                Contactez-nous  par t\u00e9l\u00e9phone\n                                                 \n                                                <div class=\"phone-btn\">\n                                                     \n                                                    <div class=\"icon\">\n                                                        <i class=\"ti ti-phone-call\"><\/i>\n                                                    <\/div>\n                                                    \n                                                    <span>Contact: <a href=\"tel:+32-470%2087%2030%2024\">0470 87 30 24<\/a><\/span>\n                                                <\/div>\n                                                \n                                            <\/div>\n                                        <\/div>\n                                    <\/div>\n                                <\/div>\n                            <\/div>\n                        <\/div>\n                    <\/div>\n                                    <div class=\"general-hospital-slider-item\" style=\"background-image: url(https:\/\/drdenef.com\/wp-content\/uploads\/2024\/06\/Jean-Philippe5-scaled.jpg)\">\n                        <div class=\"container-fluid\">\n                            <div class=\"general-hospital-slider-content\">\n                                <div class=\"content\">\n                                    <h1 class=\"title\">\n                                        <span>Dr Denef<\/span>                                    <\/h1>\n\n                                                                            \n                                    M\u00e9decin g\u00e9n\u00e9raliste Trilingue (Fran\u00e7ais, Anglais, N\u00e9erlandais), je suis dipl\u00f4m\u00e9e de l\u2019Universit\u00e9 catholique de Louvain (KUL) depuis 1997. J'ai travaill\u00e9 pendant 15 ans en tant que m\u00e9decin g\u00e9n\u00e9raliste, dont 10 ans \u00e0 Gen\u00e8ve.\n\nSuite \u00e0 une d\u00e9gradation rapide de l'\u00e9tat de sant\u00e9 de l'un de mes enfants ( je vous explique tout en d\u00e9tails dans ma vid\u00e9o   \" Mon histoire \" ), j'ai d\u00e9velopp\u00e9 un int\u00e9r\u00eat particulier pour les traitements compl\u00e9mentaires et alternatifs \u00e0 la m\u00e9decine classique. J'ai donc suivi diverses formations qui m'ont aid\u00e9es \u00e0 \u00e9largir mes connaissances et \u00e0 exercer aujourd'hui mon m\u00e9tier avec une vision int\u00e9grative de la sant\u00e9, o\u00f9 les traitements compl\u00e9mentaires vont de pair avec la m\u00e9decine classique.\n                                                                            <div class=\"slider-btn\">\n                                            <a href=\"https:\/\/drdenef.com\/doctors-post\/dr-denef\/\" class=\"default-btn\">\n                                                                                                    <i class=\"ti ti-circle-arrow-right-filled\"><\/i>\n                                                                                                En Savoir Plus                                            <\/a>\n                                        <\/div>\n                                    \n                                <\/div>\n                                <div class=\"row justify-content-center align-items-center\">\n                                                                            <div class=\"col-lg-6 col-md-6\">\n                                            <div class=\"inner-image\">\n                                                <img decoding=\"async\" src=\"https:\/\/drdenef.com\/wp-content\/uploads\/2024\/06\/IMG_8245_edited.png\" alt=\"inner image\">\n                                            <\/div>\n                                        <\/div>\n                                    \n                                    <div class=\"col-lg-6 col-md-6\">\n                                        <div class=\"inner-info\">\n                                            <div class=\"box\">\n                                                <span class=\"sub\">  Une Question?\nPlus d'Information?<\/span>\n                                                Contactez-nous  par t\u00e9l\u00e9phone\n                                                 \n                                                <div class=\"phone-btn\">\n                                                     \n                                                    <div class=\"icon\">\n                                                        <i class=\"ti ti-phone-call\"><\/i>\n                                                    <\/div>\n                                                    \n                                                    <span>Contact: <a href=\"tel:+32-470%2087%2030%2024\">0470 87 30 24<\/a><\/span>\n                                                <\/div>\n                                                \n                                            <\/div>\n                                        <\/div>\n                                    <\/div>\n                                <\/div>\n                            <\/div>\n                        <\/div>\n                    <\/div>\n                                    <div class=\"general-hospital-slider-item\" style=\"background-image: url(https:\/\/drdenef.com\/wp-content\/uploads\/2024\/06\/16195031_237253493388498_7904165763855255054_n.jpg)\">\n                        <div class=\"container-fluid\">\n                            <div class=\"general-hospital-slider-content\">\n                                <div class=\"content\">\n                                    <h1 class=\"title\">\n                                        <span>Dr Denef<\/span>                                    <\/h1>\n\n                                                                            \n                                    M\u00e9decin g\u00e9n\u00e9raliste Trilingue (Fran\u00e7ais, Anglais, N\u00e9erlandais), je suis dipl\u00f4m\u00e9e de l\u2019Universit\u00e9 catholique de Louvain (KUL) depuis 1997. J'ai travaill\u00e9 pendant 15 ans en tant que m\u00e9decin g\u00e9n\u00e9raliste, dont 10 ans \u00e0 Gen\u00e8ve.\n\nSuite \u00e0 une d\u00e9gradation rapide de l'\u00e9tat de sant\u00e9 de l'un de mes enfants ( je vous explique tout en d\u00e9tails dans ma vid\u00e9o   \" Mon histoire \" ), j'ai d\u00e9velopp\u00e9 un int\u00e9r\u00eat particulier pour les traitements compl\u00e9mentaires et alternatifs \u00e0 la m\u00e9decine classique. J'ai donc suivi diverses formations qui m'ont aid\u00e9es \u00e0 \u00e9largir mes connaissances et \u00e0 exercer aujourd'hui mon m\u00e9tier avec une vision int\u00e9grative de la sant\u00e9, o\u00f9 les traitements compl\u00e9mentaires vont de pair avec la m\u00e9decine classique.\n                                                                            <div class=\"slider-btn\">\n                                            <a href=\"https:\/\/drdenef.com\/doctors-post\/dr-denef\/\" class=\"default-btn\">\n                                                                                                    <i class=\"ti ti-circle-arrow-right-filled\"><\/i>\n                                                                                                En Savoir Plus                                            <\/a>\n                                        <\/div>\n                                    \n                                <\/div>\n                                <div class=\"row justify-content-center align-items-center\">\n                                                                            <div class=\"col-lg-6 col-md-6\">\n                                            <div class=\"inner-image\">\n                                                <img decoding=\"async\" src=\"https:\/\/drdenef.com\/wp-content\/uploads\/2024\/06\/IMG_8245_edited.png\" alt=\"inner image\">\n                                            <\/div>\n                                        <\/div>\n                                    \n                                    <div class=\"col-lg-6 col-md-6\">\n                                        <div class=\"inner-info\">\n                                            <div class=\"box\">\n                                                <span class=\"sub\">  Une Question?\nPlus d'Information?<\/span>\n                                                Contactez-nous  par t\u00e9l\u00e9phone\n                                                 \n                                                <div class=\"phone-btn\">\n                                                     \n                                                    <div class=\"icon\">\n                                                        <i class=\"ti ti-phone-call\"><\/i>\n                                                    <\/div>\n                                                    \n                                                    <span>Contact: <a href=\"tel:+32-470%2087%2030%2024\">0470 87 30 24<\/a><\/span>\n                                                <\/div>\n                                                \n                                            <\/div>\n                                        <\/div>\n                                    <\/div>\n                                <\/div>\n                            <\/div>\n                        <\/div>\n                    <\/div>\n                                    <div class=\"general-hospital-slider-item\" style=\"background-image: url(https:\/\/drdenef.com\/wp-content\/uploads\/2024\/06\/1C5A5307-scaled.jpg)\">\n                        <div class=\"container-fluid\">\n                            <div class=\"general-hospital-slider-content\">\n                                <div class=\"content\">\n                                    <h1 class=\"title\">\n                                        <span>Dr Denef<\/span>                                    <\/h1>\n\n                                                                            \n                                    M\u00e9decin g\u00e9n\u00e9raliste Trilingue (Fran\u00e7ais, Anglais, N\u00e9erlandais), je suis dipl\u00f4m\u00e9e de l\u2019Universit\u00e9 catholique de Louvain (KUL) depuis 1997. J'ai travaill\u00e9 pendant 15 ans en tant que m\u00e9decin g\u00e9n\u00e9raliste, dont 10 ans \u00e0 Gen\u00e8ve.\n\nSuite \u00e0 une d\u00e9gradation rapide de l'\u00e9tat de sant\u00e9 de l'un de mes enfants ( je vous explique tout en d\u00e9tails dans ma vid\u00e9o   \" Mon histoire \" ), j'ai d\u00e9velopp\u00e9 un int\u00e9r\u00eat particulier pour les traitements compl\u00e9mentaires et alternatifs \u00e0 la m\u00e9decine classique. J'ai donc suivi diverses formations qui m'ont aid\u00e9es \u00e0 \u00e9largir mes connaissances et \u00e0 exercer aujourd'hui mon m\u00e9tier avec une vision int\u00e9grative de la sant\u00e9, o\u00f9 les traitements compl\u00e9mentaires vont de pair avec la m\u00e9decine classique.\n                                                                            <div class=\"slider-btn\">\n                                            <a href=\"https:\/\/drdenef.com\/doctors-post\/dr-denef\/\" class=\"default-btn\">\n                                                                                                    <i class=\"ti ti-circle-arrow-right-filled\"><\/i>\n                                                                                                En Savoir Plus                                            <\/a>\n                                        <\/div>\n                                    \n                                <\/div>\n                                <div class=\"row justify-content-center align-items-center\">\n                                                                            <div class=\"col-lg-6 col-md-6\">\n                                            <div class=\"inner-image\">\n                                                <img decoding=\"async\" src=\"https:\/\/drdenef.com\/wp-content\/uploads\/2024\/06\/IMG_8245_edited.png\" alt=\"inner image\">\n                                            <\/div>\n                                        <\/div>\n                                    \n                                    <div class=\"col-lg-6 col-md-6\">\n                                        <div class=\"inner-info\">\n                                            <div class=\"box\">\n                                                <span class=\"sub\">  Une Question?\nPlus d'Information?<\/span>\n                                                Contactez-nous  par t\u00e9l\u00e9phone\n                                                 \n                                                <div class=\"phone-btn\">\n                                                     \n                                                    <div class=\"icon\">\n                                                        <i class=\"ti ti-phone-call\"><\/i>\n                                                    <\/div>\n                                                    \n                                                    <span>Contact: <a href=\"tel:+32-470%2087%2030%2024\">0470 87 30 24<\/a><\/span>\n                                                <\/div>\n                                                \n                                            <\/div>\n                                        <\/div>\n                                    <\/div>\n                                <\/div>\n                            <\/div>\n                        <\/div>\n                    <\/div>\n                                    <div class=\"general-hospital-slider-item\" style=\"background-image: url(https:\/\/drdenef.com\/wp-content\/uploads\/2024\/06\/Jean-Philippe4-scaled.jpg)\">\n                        <div class=\"container-fluid\">\n                            <div class=\"general-hospital-slider-content\">\n                                <div class=\"content\">\n                                    <h1 class=\"title\">\n                                        <span>Dr Denef<\/span>                                    <\/h1>\n\n                                                                            \n                                    M\u00e9decin g\u00e9n\u00e9raliste Trilingue (Fran\u00e7ais, Anglais, N\u00e9erlandais), je suis dipl\u00f4m\u00e9e de l\u2019Universit\u00e9 catholique de Louvain (KUL) depuis 1997. J'ai travaill\u00e9 pendant 15 ans en tant que m\u00e9decin g\u00e9n\u00e9raliste, dont 10 ans \u00e0 Gen\u00e8ve.\n\nSuite \u00e0 une d\u00e9gradation rapide de l'\u00e9tat de sant\u00e9 de l'un de mes enfants ( je vous explique tout en d\u00e9tails dans ma vid\u00e9o   \" Mon histoire \" ), j'ai d\u00e9velopp\u00e9 un int\u00e9r\u00eat particulier pour les traitements compl\u00e9mentaires et alternatifs \u00e0 la m\u00e9decine classique. J'ai donc suivi diverses formations qui m'ont aid\u00e9es \u00e0 \u00e9largir mes connaissances et \u00e0 exercer aujourd'hui mon m\u00e9tier avec une vision int\u00e9grative de la sant\u00e9, o\u00f9 les traitements compl\u00e9mentaires vont de pair avec la m\u00e9decine classique.\n                                                                            <div class=\"slider-btn\">\n                                            <a href=\"https:\/\/drdenef.com\/doctors-post\/dr-denef\/\" class=\"default-btn\">\n                                                                                                    <i class=\"ti ti-circle-arrow-right-filled\"><\/i>\n                                                                                                En Savoir Plus                                            <\/a>\n                                        <\/div>\n                                    \n                                <\/div>\n                                <div class=\"row justify-content-center align-items-center\">\n                                                                            <div class=\"col-lg-6 col-md-6\">\n                                            <div class=\"inner-image\">\n                                                <img decoding=\"async\" src=\"https:\/\/drdenef.com\/wp-content\/uploads\/2024\/06\/IMG_8245_edited.png\" alt=\"inner image\">\n                                            <\/div>\n                                        <\/div>\n                                    \n                                    <div class=\"col-lg-6 col-md-6\">\n                                        <div class=\"inner-info\">\n                                            <div class=\"box\">\n                                                <span class=\"sub\">  Une Question?\nPlus d'Information?<\/span>\n                                                Contactez-nous  par t\u00e9l\u00e9phone\n                                                 \n                                                <div class=\"phone-btn\">\n                                                     \n                                                    <div class=\"icon\">\n                                                        <i class=\"ti ti-phone-call\"><\/i>\n                                                    <\/div>\n                                                    \n                                                    <span>Contact: <a href=\"tel:+32-470%2087%2030%2024\">0470 87 30 24<\/a><\/span>\n                                                <\/div>\n                                                \n                                            <\/div>\n                                        <\/div>\n                                    <\/div>\n                                <\/div>\n                            <\/div>\n                        <\/div>\n                    <\/div>\n                                    <div class=\"general-hospital-slider-item\" style=\"background-image: url(https:\/\/drdenef.com\/wp-content\/uploads\/2024\/06\/16143029_237253510055163_3192450246771233739_n.jpg)\">\n                        <div class=\"container-fluid\">\n                            <div class=\"general-hospital-slider-content\">\n                                <div class=\"content\">\n                                    <h1 class=\"title\">\n                                        <span>Dr Denef<\/span>                                    <\/h1>\n\n                                                                            \n                                    M\u00e9decin g\u00e9n\u00e9raliste Trilingue (Fran\u00e7ais, Anglais, N\u00e9erlandais), je suis dipl\u00f4m\u00e9e de l\u2019Universit\u00e9 catholique de Louvain (KUL) depuis 1997. J'ai travaill\u00e9 pendant 15 ans en tant que m\u00e9decin g\u00e9n\u00e9raliste, dont 10 ans \u00e0 Gen\u00e8ve.\n\nSuite \u00e0 une d\u00e9gradation rapide de l'\u00e9tat de sant\u00e9 de l'un de mes enfants ( je vous explique tout en d\u00e9tails dans ma vid\u00e9o   \" Mon histoire \" ), j'ai d\u00e9velopp\u00e9 un int\u00e9r\u00eat particulier pour les traitements compl\u00e9mentaires et alternatifs \u00e0 la m\u00e9decine classique. J'ai donc suivi diverses formations qui m'ont aid\u00e9es \u00e0 \u00e9largir mes connaissances et \u00e0 exercer aujourd'hui mon m\u00e9tier avec une vision int\u00e9grative de la sant\u00e9, o\u00f9 les traitements compl\u00e9mentaires vont de pair avec la m\u00e9decine classique.\n                                                                            <div class=\"slider-btn\">\n                                            <a href=\"https:\/\/drdenef.com\/doctors-post\/dr-denef\/\" class=\"default-btn\">\n                                                                                                    <i class=\"ti ti-circle-arrow-right-filled\"><\/i>\n                                                                                                En Savoir Plus                                            <\/a>\n                                        <\/div>\n                                    \n                                <\/div>\n                                <div class=\"row justify-content-center align-items-center\">\n                                                                            <div class=\"col-lg-6 col-md-6\">\n                                            <div class=\"inner-image\">\n                                                <img decoding=\"async\" src=\"https:\/\/drdenef.com\/wp-content\/uploads\/2024\/06\/IMG_8245_edited.png\" alt=\"inner image\">\n                                            <\/div>\n                                        <\/div>\n                                    \n                                    <div class=\"col-lg-6 col-md-6\">\n                                        <div class=\"inner-info\">\n                                            <div class=\"box\">\n                                                <span class=\"sub\">  Une Question?\nPlus d'Information?<\/span>\n                                                Contactez-nous  par t\u00e9l\u00e9phone\n                                                 \n                                                <div class=\"phone-btn\">\n                                                     \n                                                    <div class=\"icon\">\n                                                        <i class=\"ti ti-phone-call\"><\/i>\n                                                    <\/div>\n                                                    \n                                                    <span>Contact: <a href=\"tel:+32-470%2087%2030%2024\">0470 87 30 24 <\/a><\/span>\n                                                <\/div>\n                                                \n                                            <\/div>\n                                        <\/div>\n                                    <\/div>\n                                <\/div>\n                            <\/div>\n                        <\/div>\n                    <\/div>\n                                    <div class=\"general-hospital-slider-item\" style=\"background-image: url(https:\/\/drdenef.com\/wp-content\/uploads\/2024\/06\/16174527_237253726721808_6294329107898338628_n.jpg)\">\n                        <div class=\"container-fluid\">\n                            <div class=\"general-hospital-slider-content\">\n                                <div class=\"content\">\n                                    <h1 class=\"title\">\n                                        <span>Dr Denef<\/span>                                    <\/h1>\n\n                                                                            \n                                    M\u00e9decin g\u00e9n\u00e9raliste Trilingue (Fran\u00e7ais, Anglais, N\u00e9erlandais), je suis dipl\u00f4m\u00e9e de l\u2019Universit\u00e9 catholique de Louvain (KUL) depuis 1997. J'ai travaill\u00e9 pendant 15 ans en tant que m\u00e9decin g\u00e9n\u00e9raliste, dont 10 ans \u00e0 Gen\u00e8ve.\n\nSuite \u00e0 une d\u00e9gradation rapide de l'\u00e9tat de sant\u00e9 de l'un de mes enfants ( je vous explique tout en d\u00e9tails dans ma vid\u00e9o   \" Mon histoire \" ), j'ai d\u00e9velopp\u00e9 un int\u00e9r\u00eat particulier pour les traitements compl\u00e9mentaires et alternatifs \u00e0 la m\u00e9decine classique. J'ai donc suivi diverses formations qui m'ont aid\u00e9es \u00e0 \u00e9largir mes connaissances et \u00e0 exercer aujourd'hui mon m\u00e9tier avec une vision int\u00e9grative de la sant\u00e9, o\u00f9 les traitements compl\u00e9mentaires vont de pair avec la m\u00e9decine classique.\n                                                                            <div class=\"slider-btn\">\n                                            <a href=\"https:\/\/drdenef.com\/doctors-post\/dr-denef\/\" class=\"default-btn\">\n                                                                                                    <i class=\"ti ti-circle-arrow-right-filled\"><\/i>\n                                                                                                En Savoir Plus                                            <\/a>\n                                        <\/div>\n                                    \n                                <\/div>\n                                <div class=\"row justify-content-center align-items-center\">\n                                                                            <div class=\"col-lg-6 col-md-6\">\n                                            <div class=\"inner-image\">\n                                                <img decoding=\"async\" src=\"https:\/\/drdenef.com\/wp-content\/uploads\/2024\/06\/IMG_8245_edited.png\" alt=\"inner image\">\n                                            <\/div>\n                                        <\/div>\n                                    \n                                    <div class=\"col-lg-6 col-md-6\">\n                                        <div class=\"inner-info\">\n                                            <div class=\"box\">\n                                                <span class=\"sub\">  Une Question?\nPlus d'Information?<\/span>\n                                                Contactez-nous  par t\u00e9l\u00e9phone\n                                                 \n                                                <div class=\"phone-btn\">\n                                                     \n                                                    <div class=\"icon\">\n                                                        <i class=\"ti ti-phone-call\"><\/i>\n                                                    <\/div>\n                                                    \n                                                    <span>Contact: <a href=\"tel:+32-470%2087%2030%2024\">0470 87 30 24<\/a><\/span>\n                                                <\/div>\n                                                \n                                            <\/div>\n                                        <\/div>\n                                    <\/div>\n                                <\/div>\n                            <\/div>\n                        <\/div>\n                    <\/div>\n                            <\/div>\n\n                            <div class=\"general-hospital-shape\">\n                    <img decoding=\"async\" src=\"https:\/\/themes.hibootstrap.com\/hospa\/wp-content\/uploads\/2024\/04\/shape-6.png\" alt=\"shape\">\n                <\/div>\n                    <\/div>\n\n        <script>\n        jQuery(document).ready(function($) {\n            $('.general-hospital-slider').owlCarousel({\n                loop: true,\n                autoplay: true,\n                autoplayTimeout: 3000,\n                smartSpeed: 1000,\n                animateOut: 'fadeOut',\n                items: 1,\n                nav: true,\n                dots: false,\n                navText: [\n                    '<span class=\"general-hospital-button-prev\"><i class=\"ti ti-arrow-left\"><\/i><\/span>',\n                    '<span class=\"general-hospital-button-next\"><i class=\"ti ti-arrow-right\"><\/i><\/span>'\n                ],\n            });\n        });\n        <\/script>\n        \t\t\t\t<\/div>\n\t\t\t\t<\/div>\n\t\t<div class=\"elementor-element elementor-element-fae5350 e-grid e-con-full e-con e-parent\" data-id=\"fae5350\" data-element_type=\"container\" data-e-type=\"container\" data-settings=\"{&quot;background_background&quot;:&quot;classic&quot;,&quot;shape_divider_top&quot;:&quot;opacity-fan&quot;}\">\n\t\t\t\t<div class=\"elementor-shape elementor-shape-top\" aria-hidden=\"true\" data-negative=\"false\">\n\t\t\t<svg xmlns=\"http:\/\/www.w3.org\/2000\/svg\" viewBox=\"0 0 283.5 19.6\" preserveAspectRatio=\"none\">\n\t<path class=\"elementor-shape-fill\" style=\"opacity:0.33\" d=\"M0 0L0 18.8 141.8 4.1 283.5 18.8 283.5 0z\"\/>\n\t<path class=\"elementor-shape-fill\" style=\"opacity:0.33\" d=\"M0 0L0 12.6 141.8 4 283.5 12.6 283.5 0z\"\/>\n\t<path class=\"elementor-shape-fill\" style=\"opacity:0.33\" d=\"M0 0L0 6.4 141.8 4 283.5 6.4 283.5 0z\"\/>\n\t<path class=\"elementor-shape-fill\" d=\"M0 0L0 1.2 141.8 4 283.5 1.2 283.5 0z\"\/>\n<\/svg>\t\t<\/div>\n\t\t\t\t<div class=\"elementor-element elementor-element-c533d97 elementor-widget elementor-widget-image\" data-id=\"c533d97\" data-element_type=\"widget\" data-e-type=\"widget\" data-widget_type=\"image.default\">\n\t\t\t\t<div class=\"elementor-widget-container\">\n\t\t\t\t\t\t\t\t\t\t\t\t\t\t\t<img fetchpriority=\"high\" decoding=\"async\" width=\"224\" height=\"224\" src=\"https:\/\/drdenef.com\/wp-content\/uploads\/2024\/06\/1.webp\" class=\"attachment-large size-large wp-image-1918\" alt=\"\" srcset=\"https:\/\/drdenef.com\/wp-content\/uploads\/2024\/06\/1.webp 224w, https:\/\/drdenef.com\/wp-content\/uploads\/2024\/06\/1-100x100.webp 100w, https:\/\/drdenef.com\/wp-content\/uploads\/2024\/06\/1-150x150.webp 150w\" sizes=\"(max-width: 224px) 100vw, 224px\" \/>\t\t\t\t\t\t\t\t\t\t\t\t\t\t\t<\/div>\n\t\t\t\t<\/div>\n\t\t\t\t<div class=\"elementor-element elementor-element-3ec4701 elementor-widget elementor-widget-image\" data-id=\"3ec4701\" data-element_type=\"widget\" data-e-type=\"widget\" data-widget_type=\"image.default\">\n\t\t\t\t<div class=\"elementor-widget-container\">\n\t\t\t\t\t\t\t\t\t\t\t\t\t\t\t<img decoding=\"async\" width=\"225\" height=\"224\" src=\"https:\/\/drdenef.com\/wp-content\/uploads\/2024\/06\/2.webp\" class=\"attachment-large size-large wp-image-1917\" alt=\"\" srcset=\"https:\/\/drdenef.com\/wp-content\/uploads\/2024\/06\/2.webp 225w, https:\/\/drdenef.com\/wp-content\/uploads\/2024\/06\/2-100x100.webp 100w, https:\/\/drdenef.com\/wp-content\/uploads\/2024\/06\/2-150x150.webp 150w\" sizes=\"(max-width: 225px) 100vw, 225px\" \/>\t\t\t\t\t\t\t\t\t\t\t\t\t\t\t<\/div>\n\t\t\t\t<\/div>\n\t\t\t\t<div class=\"elementor-element elementor-element-b561ec7 elementor-widget elementor-widget-image\" data-id=\"b561ec7\" data-element_type=\"widget\" data-e-type=\"widget\" data-widget_type=\"image.default\">\n\t\t\t\t<div class=\"elementor-widget-container\">\n\t\t\t\t\t\t\t\t\t\t\t\t\t\t\t<img decoding=\"async\" width=\"225\" height=\"224\" src=\"https:\/\/drdenef.com\/wp-content\/uploads\/2024\/06\/3.webp\" class=\"attachment-large size-large wp-image-1916\" alt=\"\" srcset=\"https:\/\/drdenef.com\/wp-content\/uploads\/2024\/06\/3.webp 225w, https:\/\/drdenef.com\/wp-content\/uploads\/2024\/06\/3-100x100.webp 100w, https:\/\/drdenef.com\/wp-content\/uploads\/2024\/06\/3-150x150.webp 150w\" sizes=\"(max-width: 225px) 100vw, 225px\" \/>\t\t\t\t\t\t\t\t\t\t\t\t\t\t\t<\/div>\n\t\t\t\t<\/div>\n\t\t\t\t<div class=\"elementor-element elementor-element-ee2ddf8 elementor-widget elementor-widget-image\" data-id=\"ee2ddf8\" data-element_type=\"widget\" data-e-type=\"widget\" data-widget_type=\"image.default\">\n\t\t\t\t<div class=\"elementor-widget-container\">\n\t\t\t\t\t\t\t\t\t\t\t\t\t\t\t<img loading=\"lazy\" decoding=\"async\" width=\"225\" height=\"224\" src=\"https:\/\/drdenef.com\/wp-content\/uploads\/2024\/06\/4.webp\" class=\"attachment-large size-large wp-image-1915\" alt=\"\" srcset=\"https:\/\/drdenef.com\/wp-content\/uploads\/2024\/06\/4.webp 225w, https:\/\/drdenef.com\/wp-content\/uploads\/2024\/06\/4-100x100.webp 100w, https:\/\/drdenef.com\/wp-content\/uploads\/2024\/06\/4-150x150.webp 150w\" sizes=\"(max-width: 225px) 100vw, 225px\" \/>\t\t\t\t\t\t\t\t\t\t\t\t\t\t\t<\/div>\n\t\t\t\t<\/div>\n\t\t\t\t<\/div>\n\t\t\t\t\t<\/div>\n\t\t<\/div>\n\t\t\t\t\t<\/div>\n\t\t<\/div>\n\t\t\t\t<div class=\"elementor-section elementor-top-section elementor-element elementor-element-88be4b3 elementor-section-full_width elementor-section-height-default elementor-section-height-default\" data-id=\"88be4b3\" data-element_type=\"section\" data-e-type=\"section\">\n\t\t\t\t\t\t<div class=\"elementor-container elementor-column-gap-no\">\n\t\t\t\t\t<div class=\"elementor-column elementor-col-100 elementor-top-column elementor-element elementor-element-3aa7db2\" data-id=\"3aa7db2\" data-element_type=\"column\" data-e-type=\"column\">\n\t\t\t<div class=\"elementor-widget-wrap elementor-element-populated\">\n\t\t\t\t\t\t<div class=\"elementor-element elementor-element-8b101b3 elementor-widget elementor-widget-Hospa_AboutTwo\" data-id=\"8b101b3\" data-element_type=\"widget\" data-e-type=\"widget\" data-widget_type=\"Hospa_AboutTwo.default\">\n\t\t\t\t<div class=\"elementor-widget-container\">\n\t\t\t\t\t\r\n    <div class=\"about-style-area pb-100\">\r\n        <div class=\"container\">\r\n            <div class=\"row justify-content-center\">\r\n                <div class=\"col-lg-4 col-md-12\">\r\n                    <div class=\"about-style-content\">\r\n                                                    <span class=\"sub\">\r\n                                Notre Vision                            <\/span>\r\n                        \r\n                                                    <h2>Mon Centre M\u00e9dical O'Vive<\/h2>\r\n                        \r\n                        <p>\u200bDans notre Centre de M\u00e9decine int\u00e9grative OVIVE, nous combinons m\u00e9decine conventionnelle et approches alternatives pour traiter les aspects biologiques, psychologiques, sociaux et spirituels de la sant\u00e9.\n\nA l'aide de diff\u00e9rents traitements et th\u00e9rapies, nous nous concentrons sur la mani\u00e8re de soigner la personne dans son ensemble plut\u00f4t que de soulager uniquement les sympt\u00f4mes de la maladie.\n\nNotre objectif consiste \u00e0 aider nos patients \u00e0 gagner en vitalit\u00e9, \u00e0 am\u00e9liorer leur bien-\u00eatre psychique, \u00e0 comprendre et am\u00e9liorer leur sommeil, leur digestion et leur m\u00e9tabolisme, \u00e0 augmenter leur r\u00e9sistance au stress et \u00e0 leur assurer un coaching nutritionnel et sportif.  Nos programmes sont adapt\u00e9s aux adultes tant qu\u2019aux enfants.<\/p>\r\n\r\n                                                    <a href=\"https:\/\/drdenef.com\/fr\/about-overview\/\" class=\"default-btn\">\r\n                                <i class=\"ti ti-circle-arrow-right-filled\"><\/i>    \r\n                                Plus sur le Centre                            <\/a>\r\n                                            <\/div>\r\n                <\/div>\r\n                <div class=\"col-lg-8 col-md-12\">\r\n                    <div class=\"row justify-content-center align-items-center\">\r\n                        <div class=\"col-lg-7 col-md-12\">\r\n                            <div class=\"about-style-image\">\r\n                                                                    <img decoding=\"async\" src=\"https:\/\/drdenef.com\/wp-content\/uploads\/2024\/06\/1C5A5307-scaled.jpg\" alt=\"image\">\r\n                                \r\n                                                                    <div class=\"counter-wrap\">\r\n                                        <div class=\"item\">\r\n                                            <div class=\"d-flex align-items-center justify-content-center\">\r\n                                                <h3 class=\"counter\">10<\/h3>\r\n                                                <h3 class=\"sub\">+<\/h3>\r\n                                            <\/div>\r\n                                            <p>Sp\u00e9cialistations<span>Alternatives<\/span><\/p>\r\n                                        <\/div>\r\n                                    <\/div> \r\n                                                            <\/div>\r\n                        <\/div>\r\n\r\n                        <div class=\"col-lg-5 col-md-12\">\r\n                            <div class=\"about-style-rght\">\r\n                                                                    <img decoding=\"async\" src=\"https:\/\/drdenef.com\/wp-content\/uploads\/2024\/06\/osteopathe_adulte_3.jpg\" alt=\"image2\">\r\n                                                                <h3>Pourquoi O&#039;Vive?<\/h3>\r\n                                <ul class=\"list\">\r\n                                                                            <li>\r\n                                                                                            <i class=\"ti ti-checks\"><\/i>\r\n                                                                                        M\u00e9decine Fonctionnelle et Int\u00e9grative                                        <\/li>\r\n                                                                            <li>\r\n                                                                                            <i class=\"ti ti-checks\"><\/i>\r\n                                                                                        Psychoth\u00e9rapie                                        <\/li>\r\n                                                                            <li>\r\n                                                                                            <i class=\"ti ti-checks\"><\/i>\r\n                                                                                        Coaching                                        <\/li>\r\n                                                                            <li>\r\n                                                                                            <i class=\"ti ti-checks\"><\/i>\r\n                                                                                        Nutrition                                        <\/li>\r\n                                                                            <li>\r\n                                                                                            <i class=\"ti ti-checks\"><\/i>\r\n                                                                                        Th\u00e9rapies Quantiques                                        <\/li>\r\n                                                                            <li>\r\n                                                                                            <i class=\"ti ti-checks\"><\/i>\r\n                                                                                        Shiatsu                                        <\/li>\r\n                                                                            <li>\r\n                                                                                            <i class=\"ti ti-checks\"><\/i>\r\n                                                                                        Ost\u00e9opathie                                        <\/li>\r\n                                                                            <li>\r\n                                                                                            <i class=\"ti ti-checks\"><\/i>\r\n                                                                                        Hijama (Cupping Th\u00e9rapie)                                        <\/li>\r\n                                                                    <\/ul>\r\n                            <\/div>\r\n                        <\/div>\r\n                    <\/div>\r\n                <\/div>\r\n            <\/div>\r\n        <\/div>\r\n    <\/div>\r\n\r\n        \t\t\t\t<\/div>\n\t\t\t\t<\/div>\n\t\t\t\t\t<\/div>\n\t\t<\/div>\n\t\t\t\t\t<\/div>\n\t\t<\/div>\n\t\t\t\t<div class=\"elementor-section elementor-top-section elementor-element elementor-element-4dd8ea6 elementor-section-full_width elementor-section-height-default elementor-section-height-default\" data-id=\"4dd8ea6\" data-element_type=\"section\" data-e-type=\"section\">\n\t\t\t\t\t\t<div class=\"elementor-container elementor-column-gap-no\">\n\t\t\t\t\t<div class=\"elementor-column elementor-col-100 elementor-top-column elementor-element elementor-element-da2059e\" data-id=\"da2059e\" data-element_type=\"column\" data-e-type=\"column\">\n\t\t\t<div class=\"elementor-widget-wrap elementor-element-populated\">\n\t\t\t\t\t\t<div class=\"elementor-element elementor-element-e56fbce elementor-widget elementor-widget-Hospa_FeaturesArea\" data-id=\"e56fbce\" data-element_type=\"widget\" data-e-type=\"widget\" data-widget_type=\"Hospa_FeaturesArea.default\">\n\t\t\t\t<div class=\"elementor-widget-container\">\n\t\t\t\t\t\r\n                    <div class=\"features-area without-wrap-area pt-100 pb-75\">\r\n                <div class=\"container-fluid\">\r\n                    <div class=\"row justify-content-center\">\r\n                                                    <div class=\"col-lg-3 col-sm-6\">\r\n                                <div class=\"features-card  elementor-repeater-item-795c2f6\">\r\n                                                                            <div class=\"title\">\r\n                                            <i class=\"ti ti-alert-square-rounded\"><\/i>\r\n                                            <h3>CONTENU EN LIGNE GRATUIT\n<\/h3>\r\n                                        <\/div>\r\n                                    \r\n                                    <p>Je cr\u00e9e du contenu avec des conseils sant\u00e9, accessible \u00e0 tous, sous forme de vid\u00e9os, podcasts, newsletters recettes<\/p>\r\n\r\n                                    <a href=\"https:\/\/drdenef.com\/fr\/ressources\/\" class=\"features-btn\">        <i class=\"ti ti-arrow-right\"><\/i>En Savoir Plus<\/a>\r\n                                <\/div>\r\n                            <\/div>\r\n                                                    <div class=\"col-lg-3 col-sm-6\">\r\n                                <div class=\"features-card bg-D7ECE4 elementor-repeater-item-11be7c9\">\r\n                                                                            <div class=\"title\">\r\n                                            <i class=\"ti ti-stethoscope\"><\/i>\r\n                                            <h3>PROGRAMMES\nEN LIGNE<\/h3>\r\n                                        <\/div>\r\n                                    \r\n                                    <p>Je cr\u00e9e des programmes pour vous aider \u00e0 optimiser votre sant\u00e9. Ils sont accessibles en ligne sous forme de vid\u00e9os et documents PDF !<\/p>\r\n\r\n                                    <a href=\"https:\/\/drdenef.com\/fr\/academie\/\" class=\"features-btn\">        <i class=\"ti ti-arrow-right\"><\/i>En Savoir Plus<\/a>\r\n                                <\/div>\r\n                            <\/div>\r\n                                                    <div class=\"col-lg-3 col-sm-6\">\r\n                                <div class=\"features-card bg-D6D2F1 elementor-repeater-item-7279063\">\r\n                                                                            <div class=\"title\">\r\n                                            <i class=\"ti ti-ambulance\"><\/i>\r\n                                            <h3>\u00c9V\u00c8NEMENTS<\/h3>\r\n                                        <\/div>\r\n                                    \r\n                                    <p>J&#039;organise divers \u00e9v\u00e8nements afin que vous puissiez tester des techniques efficaces\n\n( circling, breathwork... )\n\nRetrouvez-les sur ma page Facebook.<\/p>\r\n\r\n                                    <a href=\"https:\/\/www.facebook.com\/DrDenef\/\" class=\"features-btn\">        <i class=\"ti ti-arrow-right\"><\/i>En Savoir Plus<\/a>\r\n                                <\/div>\r\n                            <\/div>\r\n                                                    <div class=\"col-lg-3 col-sm-6\">\r\n                                <div class=\"features-card bg-F2DDD9 elementor-repeater-item-7aacd54\">\r\n                                                                            <div class=\"title\">\r\n                                            <i class=\"ti ti-phone-plus\"><\/i>\r\n                                            <h3>\nCONSULTATIONS<\/h3>\r\n                                        <\/div>\r\n                                    \r\n                                    <p>Je vous re\u00e7ois en consultation dans mon cabinet situ\u00e9 \u00e0 Bruxelles.<\/p>\r\n\r\n                                    <a href=\"https:\/\/drdenef.com\/fr\/contact\/\" class=\"features-btn\">        <i class=\"ti ti-arrow-right\"><\/i>Learn More<\/a>\r\n                                <\/div>\r\n                            <\/div>\r\n                                            <\/div>\r\n                <\/div>\r\n            <\/div>\r\n                \t\t\t\t<\/div>\n\t\t\t\t<\/div>\n\t\t\t\t\t<\/div>\n\t\t<\/div>\n\t\t\t\t\t<\/div>\n\t\t<\/div>\n\t\t\t\t<div class=\"elementor-section elementor-top-section elementor-element elementor-element-c02acb5 elementor-section-full_width elementor-section-height-default elementor-section-height-default\" data-id=\"c02acb5\" data-element_type=\"section\" data-e-type=\"section\">\n\t\t\t\t\t\t<div class=\"elementor-container elementor-column-gap-no\">\n\t\t\t\t\t<div class=\"elementor-column elementor-col-100 elementor-top-column elementor-element elementor-element-3af4aa4\" data-id=\"3af4aa4\" data-element_type=\"column\" data-e-type=\"column\">\n\t\t\t<div class=\"elementor-widget-wrap elementor-element-populated\">\n\t\t\t\t\t\t<div class=\"elementor-element elementor-element-d43655e elementor-widget elementor-widget-Hospa_Animated_Text\" data-id=\"d43655e\" data-element_type=\"widget\" data-e-type=\"widget\" data-widget_type=\"Hospa_Animated_Text.default\">\n\t\t\t\t<div class=\"elementor-widget-container\">\n\t\t\t\t\t\r\n                    <div class=\"animation-view-area ptb-100\">\r\n                <div class=\"container-fluid\">\r\n                    <div class=\"animation-view-content\">\r\n                        <h1>\r\n                                  <span>O'Vive - L'harmonie de la sant\u00e9 int\u00e9grative et holistique<\/span>\n                        <sup>*<\/sup>\n                        <span>O'Vive - L'harmonie de la sant\u00e9 int\u00e9grative et holistique<\/span>\n                        <sup>*<\/sup>\n                        <span>O'Vive - L'harmonie de la sant\u00e9 int\u00e9grative et holistique<\/span>\n                        <sup>*<\/sup>\n                        <span>O'Vive - L'harmonie de la sant\u00e9 int\u00e9grative et holistique<\/span>                        <\/h1>\r\n                    <\/div>\r\n                <\/div>\r\n            <\/div>\r\n        \r\n        \t\t\t\t<\/div>\n\t\t\t\t<\/div>\n\t\t\t\t\t<\/div>\n\t\t<\/div>\n\t\t\t\t\t<\/div>\n\t\t<\/div>\n\t\t\t\t<div class=\"elementor-section elementor-top-section elementor-element elementor-element-ef0fc40 elementor-section-full_width elementor-section-height-default elementor-section-height-default\" data-id=\"ef0fc40\" data-element_type=\"section\" data-e-type=\"section\">\n\t\t\t\t\t\t<div class=\"elementor-container elementor-column-gap-no\">\n\t\t\t\t\t<div class=\"elementor-column elementor-col-100 elementor-top-column elementor-element elementor-element-7d7c7e0\" data-id=\"7d7c7e0\" data-element_type=\"column\" data-e-type=\"column\">\n\t\t\t<div class=\"elementor-widget-wrap elementor-element-populated\">\n\t\t\t\t\t\t<div class=\"elementor-element elementor-element-0b3311c elementor-widget elementor-widget-Hospa_FeaturesThree_Area\" data-id=\"0b3311c\" data-element_type=\"widget\" data-e-type=\"widget\" data-widget_type=\"Hospa_FeaturesThree_Area.default\">\n\t\t\t\t<div class=\"elementor-widget-container\">\n\t\t\t\t\t\r\n        <div class=\"overview-area pb-100\">\r\n            <div class=\"container\">\r\n                <div class=\"overview-inner-area\">\r\n                    <div class=\"row justify-content-center\">\r\n                                                    <div class=\"col-lg-4 col-md-6\">\r\n                                <div class=\"overview-card \">\r\n                                    <h3><b>Vid\u00e9os  &amp; Podcasts<\/b><\/h3>\r\n                                    <p>J&#039;ai cr\u00e9\u00e9 une cha\u00eene YouTube pour partager mes conseils en vid\u00e9o mais aussi des des podcasts avec mes conseils vitalit\u00e9 ! A \u00e9couter partout ; chez vous, dans les transports...<\/p>\r\n\r\n                                                                        <div class=\"overview-btn\">\r\n                                        <a href=\"https:\/\/drdenef.com\/contenu-en-ligne#Videos\" class=\"link-btn\">\r\n                                                                                            <i class=\"ti ti-arrow-right\"><\/i>\r\n                                            \r\n                                            En Savoir Plus                                        <\/a>\r\n                                    <\/div>\r\n                                    \r\n                                                                            <div class=\"wrap-shape\">\r\n                                            <img decoding=\"async\" src=\"https:\/\/themes.hibootstrap.com\/hospa\/wp-content\/uploads\/2024\/04\/img1.png\" alt=\"image\">\r\n                                        <\/div>\r\n                                                                    <\/div>\r\n                            <\/div>\r\n                                                    <div class=\"col-lg-4 col-md-6\">\r\n                                <div class=\"overview-card bg-two\">\r\n                                    <h3>24\/7 <b>Documents<\/b><\/h3>\r\n                                    <p>Je vous partage des documents utiles ainsi que des inspirations de lectures.<\/p>\r\n\r\n                                                                        <div class=\"overview-btn\">\r\n                                        <a href=\"https:\/\/drdenef.com\/contenu-en-ligne#documents\" class=\"link-btn\">\r\n                                                                                            <i class=\"ti ti-arrow-right\"><\/i>\r\n                                            \r\n                                            En Savoir Plus                                        <\/a>\r\n                                    <\/div>\r\n                                    \r\n                                                                            <div class=\"wrap-shape\">\r\n                                            <img decoding=\"async\" src=\"https:\/\/themes.hibootstrap.com\/hospa\/wp-content\/uploads\/2024\/04\/img2.png\" alt=\"image\">\r\n                                        <\/div>\r\n                                                                    <\/div>\r\n                            <\/div>\r\n                                                    <div class=\"col-lg-4 col-md-6\">\r\n                                <div class=\"overview-card bg-three\">\r\n                                    <h3><b>Recettes<\/b><\/h3>\r\n                                    <p>Je vous partage mes recettes c\u00e9tog\u00e8nes, FODMAPS, gluten-free, pal\u00e9o...<\/p>\r\n\r\n                                                                        <div class=\"overview-btn\">\r\n                                        <a href=\"https:\/\/drdenef.com\/contenu-en-ligne#recettes\" class=\"link-btn\">\r\n                                                                                            <i class=\"ti ti-arrow-right\"><\/i>\r\n                                            \r\n                                            En Savoir Plus                                        <\/a>\r\n                                    <\/div>\r\n                                    \r\n                                                                            <div class=\"wrap-shape\">\r\n                                            <img decoding=\"async\" src=\"https:\/\/themes.hibootstrap.com\/hospa\/wp-content\/uploads\/2024\/04\/img3.png\" alt=\"image\">\r\n                                        <\/div>\r\n                                                                    <\/div>\r\n                            <\/div>\r\n                                            <\/div>\r\n                <\/div>\r\n            <\/div>\r\n        <\/div>\r\n        \t\t\t\t<\/div>\n\t\t\t\t<\/div>\n\t\t\t\t\t<\/div>\n\t\t<\/div>\n\t\t\t\t\t<\/div>\n\t\t<\/div>\n\t\t\t\t<div class=\"elementor-section elementor-top-section elementor-element elementor-element-35b42f1 elementor-section-full_width elementor-section-height-default elementor-section-height-default\" data-id=\"35b42f1\" data-element_type=\"section\" data-e-type=\"section\">\n\t\t\t\t\t\t<div class=\"elementor-container elementor-column-gap-no\">\n\t\t\t\t\t<div class=\"elementor-column elementor-col-100 elementor-top-column elementor-element elementor-element-d41f32c\" data-id=\"d41f32c\" data-element_type=\"column\" data-e-type=\"column\">\n\t\t\t<div class=\"elementor-widget-wrap elementor-element-populated\">\n\t\t\t\t\t\t<div class=\"elementor-element elementor-element-ce31297 elementor-widget elementor-widget-HospaFaqArea\" data-id=\"ce31297\" data-element_type=\"widget\" data-e-type=\"widget\" data-widget_type=\"HospaFaqArea.default\">\n\t\t\t\t<div class=\"elementor-widget-container\">\n\t\t\t\t\t        <div class=\"faq-area pb-100\">\r\n            <div class=\"container-fluid\">\r\n                <div class=\"row justify-content-center\">\r\n                                            <div class=\"col-lg-6 col-md-12\">\r\n                            <div class=\"faq-image h-100\">\r\n                                <img decoding=\"async\" src=\"https:\/\/drdenef.com\/wp-content\/uploads\/2024\/06\/tree-8419611_1280.webp\" class=\"h-100 object-fit-cover\" alt=\"Feature image\">\r\n                            <\/div>\r\n                        <\/div>\r\n                    \r\n                    <div class=\"col-lg-6 col-md-12\">\r\n                        <div class=\"faq-accordion\">\r\n                                                            <div class=\"content\">\r\n                                    <span class=\"sub\">F.A.Q<\/span>\r\n                                    <h2>R\u00e9ponses aux Questions les plus communes<\/h2>\r\n                                <\/div>\r\n                            \r\n                            <div class=\"accordion\" id=\"FaqAccordionId\">\r\n                                                                <div class=\"accordion-item\">\r\n                                    <button class=\"accordion-button \" type=\"button\" data-bs-toggle=\"collapse\" data-bs-target=\"#collapsefaq1\" aria-expanded=\"false\">\r\n                                        Combien dure une premi\u00e8re consultation avec le Dr. Denef?                                    <\/button>\r\n                                    <div id=\"collapsefaq1\" class=\"accordion-collapse collapse show\" data-bs-parent=\"#FaqAccordionId\">\r\n                                        <div class=\"accordion-body\">\r\n                                            <p> La premi\u00e8re consultation avec le Dr. Denef dure 1h. Comme les listes d\u2019attente sont tr\u00e8s longues, sur votre requ\u00eate sera possible vous recevoir plus t\u00f4t pour une premi\u00e8re consultation rapide.<\/p>\r\n                                        <\/div>\r\n                                    <\/div>\r\n                                <\/div>\r\n                                                                <div class=\"accordion-item\">\r\n                                    <button class=\"accordion-button collapsed\" type=\"button\" data-bs-toggle=\"collapse\" data-bs-target=\"#collapsefaq2\" aria-expanded=\"false\">\r\n                                        Quel est le prix d\u2019une premi\u00e8re consultation?\n                                    <\/button>\r\n                                    <div id=\"collapsefaq2\" class=\"accordion-collapse collapse \" data-bs-parent=\"#FaqAccordionId\">\r\n                                        <div class=\"accordion-body\">\r\n                                            <p> Le prix est fix\u00e9 \u00e0 200 euros.<\/p>\r\n                                        <\/div>\r\n                                    <\/div>\r\n                                <\/div>\r\n                                                                <div class=\"accordion-item\">\r\n                                    <button class=\"accordion-button collapsed\" type=\"button\" data-bs-toggle=\"collapse\" data-bs-target=\"#collapsefaq3\" aria-expanded=\"false\">\r\n                                        Quel est le prix d\u2019une consultation de suivi?                                    <\/button>\r\n                                    <div id=\"collapsefaq3\" class=\"accordion-collapse collapse \" data-bs-parent=\"#FaqAccordionId\">\r\n                                        <div class=\"accordion-body\">\r\n                                            <p> Le prix est fix\u00e9 \u00e0 90 euros.<\/p>\r\n                                        <\/div>\r\n                                    <\/div>\r\n                                <\/div>\r\n                                                                <div class=\"accordion-item\">\r\n                                    <button class=\"accordion-button collapsed\" type=\"button\" data-bs-toggle=\"collapse\" data-bs-target=\"#collapsefaq4\" aria-expanded=\"false\">\r\n                                        Est-ce qu\u2019il est obligatoire visionner la vid\u00e9o \u00e9ducationnelle du Dr. Denef?                                    <\/button>\r\n                                    <div id=\"collapsefaq4\" class=\"accordion-collapse collapse \" data-bs-parent=\"#FaqAccordionId\">\r\n                                        <div class=\"accordion-body\">\r\n                                            <p> Pour vous soigner, il est important un engagement des deux parties. Avoir des notions de base par apport au fonctionnement de votre corps vous servira surtout pour avancer dans vos suivis et traitements.<\/p>\r\n                                        <\/div>\r\n                                    <\/div>\r\n                                <\/div>\r\n                                                                <div class=\"accordion-item\">\r\n                                    <button class=\"accordion-button collapsed\" type=\"button\" data-bs-toggle=\"collapse\" data-bs-target=\"#collapsefaq5\" aria-expanded=\"false\">\r\n                                        Est-ce que je pourrais visionner la vid\u00e9o \u00e9ducationnelle \u00e0 n\u2019importe quel moment du traitement?                                    <\/button>\r\n                                    <div id=\"collapsefaq5\" class=\"accordion-collapse collapse \" data-bs-parent=\"#FaqAccordionId\">\r\n                                        <div class=\"accordion-body\">\r\n                                            <p> Il est fortement conseill\u00e9 de visionner la vid\u00e9o avant votre deuxi\u00e8me consultation.<\/p>\r\n                                        <\/div>\r\n                                    <\/div>\r\n                                <\/div>\r\n                                                                <div class=\"accordion-item\">\r\n                                    <button class=\"accordion-button collapsed\" type=\"button\" data-bs-toggle=\"collapse\" data-bs-target=\"#collapsefaq6\" aria-expanded=\"false\">\r\n                                        Je n\u2019habite pas \u00e0 Bruxelles. Est-il possible faire une consultation par Skype?                                    <\/button>\r\n                                    <div id=\"collapsefaq6\" class=\"accordion-collapse collapse \" data-bs-parent=\"#FaqAccordionId\">\r\n                                        <div class=\"accordion-body\">\r\n                                            <p> Le Docteur Denef re\u00e7oit ses patients par Skype que pour des suivis. Elle ne re\u00e7oit plus de nouveaux patients par Skype, pour cela, il faudra se rendre sur place \u00e0 Bruxelles. Une autre th\u00e9rapeute du centre, conseill\u00e8re en nutrition, Michela Formis, pourra vous recevoir par Skype comme nouveau patient.<\/p>\r\n                                        <\/div>\r\n                                    <\/div>\r\n                                <\/div>\r\n                                                                <div class=\"accordion-item\">\r\n                                    <button class=\"accordion-button collapsed\" type=\"button\" data-bs-toggle=\"collapse\" data-bs-target=\"#collapsefaq7\" aria-expanded=\"false\">\r\n                                        Est-ce qu\u2019il faut amener les r\u00e9sultats des analyses pr\u00e9c\u00e9dentes?                                    <\/button>\r\n                                    <div id=\"collapsefaq7\" class=\"accordion-collapse collapse \" data-bs-parent=\"#FaqAccordionId\">\r\n                                        <div class=\"accordion-body\">\r\n                                            <p> Si vous en avez, il est pr\u00e9f\u00e9rable de les amener pour avoir un bilan complet de la part du Dr. Denef.<\/p>\r\n                                        <\/div>\r\n                                    <\/div>\r\n                                <\/div>\r\n                                                                <div class=\"accordion-item\">\r\n                                    <button class=\"accordion-button collapsed\" type=\"button\" data-bs-toggle=\"collapse\" data-bs-target=\"#collapsefaq8\" aria-expanded=\"false\">\r\n                                        Est-ce que le Docteur suit les mails? Elle lira mon dossier m\u00e9dical et reviendra vers moi?                                    <\/button>\r\n                                    <div id=\"collapsefaq8\" class=\"accordion-collapse collapse \" data-bs-parent=\"#FaqAccordionId\">\r\n                                        <div class=\"accordion-body\">\r\n                                            <p> Oui, mais elle ne suivra pas vos dossier m\u00e9dicaux par mail.<\/p>\r\n                                        <\/div>\r\n                                    <\/div>\r\n                                <\/div>\r\n                                                                <div class=\"accordion-item\">\r\n                                    <button class=\"accordion-button collapsed\" type=\"button\" data-bs-toggle=\"collapse\" data-bs-target=\"#collapsefaq9\" aria-expanded=\"false\">\r\n                                        Est-ce que les consultations du Dr. Denef sont remboursables?                                    <\/button>\r\n                                    <div id=\"collapsefaq9\" class=\"accordion-collapse collapse \" data-bs-parent=\"#FaqAccordionId\">\r\n                                        <div class=\"accordion-body\">\r\n                                            <p> Oui, une petite partie (20%) est rembours\u00e9e avec l'assurance obligatoire. Si vous poss\u00e9sez une assurance compl\u00e9mentaire, vous serez rembours\u00e9 d'une plus grande partie.<\/p>\r\n                                        <\/div>\r\n                                    <\/div>\r\n                                <\/div>\r\n                                                                <div class=\"accordion-item\">\r\n                                    <button class=\"accordion-button collapsed\" type=\"button\" data-bs-toggle=\"collapse\" data-bs-target=\"#collapsefaq10\" aria-expanded=\"false\">\r\n                                        Est-il obligatoire de faire des analyses avant la premi\u00e8re consultation?                                    <\/button>\r\n                                    <div id=\"collapsefaq10\" class=\"accordion-collapse collapse \" data-bs-parent=\"#FaqAccordionId\">\r\n                                        <div class=\"accordion-body\">\r\n                                            <p> Non, mais il va aider \u00e0 booster vos suivis ayant un bilan de sant\u00e9 complet.<\/p>\r\n                                        <\/div>\r\n                                    <\/div>\r\n                                <\/div>\r\n                                                                <div class=\"accordion-item\">\r\n                                    <button class=\"accordion-button collapsed\" type=\"button\" data-bs-toggle=\"collapse\" data-bs-target=\"#collapsefaq11\" aria-expanded=\"false\">\r\n                                        Est-ce que le gaz test est remboursable?                                    <\/button>\r\n                                    <div id=\"collapsefaq11\" class=\"accordion-collapse collapse \" data-bs-parent=\"#FaqAccordionId\">\r\n                                        <div class=\"accordion-body\">\r\n                                            <p> Non, malheureusement ce type de test n\u2019est pas pris en charge pour un remboursement. Le prix du test est de 75 euros<\/p>\r\n                                        <\/div>\r\n                                    <\/div>\r\n                                <\/div>\r\n                                                                <div class=\"accordion-item\">\r\n                                    <button class=\"accordion-button collapsed\" type=\"button\" data-bs-toggle=\"collapse\" data-bs-target=\"#collapsefaq12\" aria-expanded=\"false\">\r\n                                        Avec qui se d\u00e9roule le gaz test?                                    <\/button>\r\n                                    <div id=\"collapsefaq12\" class=\"accordion-collapse collapse \" data-bs-parent=\"#FaqAccordionId\">\r\n                                        <div class=\"accordion-body\">\r\n                                            <p> Les breath tests \/ gaz tests du Dr Donatini ne seront d\u00e9sormais plus r\u00e9alis\u00e9s au cabinet hors de Spa. Ils seront effectu\u00e9s apr\u00e8s la premi\u00e8re consultation, en collaboration avec le laboratoire LIMS, qui vous enverra directement \u00e0 domicile le mat\u00e9riel n\u00e9cessaire pour r\u00e9aliser les gaz tests chez vous.<\/p>\r\n                                        <\/div>\r\n                                    <\/div>\r\n                                <\/div>\r\n                                                                <div class=\"accordion-item\">\r\n                                    <button class=\"accordion-button collapsed\" type=\"button\" data-bs-toggle=\"collapse\" data-bs-target=\"#collapsefaq13\" aria-expanded=\"false\">\r\n                                        Comment se pr\u00e9parer au gaz test                                    <\/button>\r\n                                    <div id=\"collapsefaq13\" class=\"accordion-collapse collapse \" data-bs-parent=\"#FaqAccordionId\">\r\n                                        <div class=\"accordion-body\">\r\n                                            <p> Vous devrez manger l\u00e9ger \u00e0 partir de la veille avant 22H, ne pas vous brosser les dents ou mettre du d\u00e9odorant.<\/p>\r\n                                        <\/div>\r\n                                    <\/div>\r\n                                <\/div>\r\n                                                                <div class=\"accordion-item\">\r\n                                    <button class=\"accordion-button collapsed\" type=\"button\" data-bs-toggle=\"collapse\" data-bs-target=\"#collapsefaq14\" aria-expanded=\"false\">\r\n                                        Combien de temps cela prend-t&#039;il de faire le gaz test?                                    <\/button>\r\n                                    <div id=\"collapsefaq14\" class=\"accordion-collapse collapse \" data-bs-parent=\"#FaqAccordionId\">\r\n                                        <div class=\"accordion-body\">\r\n                                            <p> Il y a deux prises de 15 minutes chacune. Elles sont l\u2019une \u00e0 distance de deux heures de l\u2019autre.<\/p>\r\n                                        <\/div>\r\n                                    <\/div>\r\n                                <\/div>\r\n                                                                <div class=\"accordion-item\">\r\n                                    <button class=\"accordion-button collapsed\" type=\"button\" data-bs-toggle=\"collapse\" data-bs-target=\"#collapsefaq15\" aria-expanded=\"false\">\r\n                                        Est-ce que je pourrai boire?                                    <\/button>\r\n                                    <div id=\"collapsefaq15\" class=\"accordion-collapse collapse \" data-bs-parent=\"#FaqAccordionId\">\r\n                                        <div class=\"accordion-body\">\r\n                                            <p> Oui, il est possible boire de l\u2019eau, un caf\u00e9 noir simple ou un th\u00e9 vert simple (sans sucre ou lait ou ce que vous mettez d\u2019habitude dans vos boissons).<\/p>\r\n                                        <\/div>\r\n                                    <\/div>\r\n                                <\/div>\r\n                                                                <div class=\"accordion-item\">\r\n                                    <button class=\"accordion-button collapsed\" type=\"button\" data-bs-toggle=\"collapse\" data-bs-target=\"#collapsefaq16\" aria-expanded=\"false\">\r\n                                        Quand est-ce que j&#039;aurai mes r\u00e9sultats?                                    <\/button>\r\n                                    <div id=\"collapsefaq16\" class=\"accordion-collapse collapse \" data-bs-parent=\"#FaqAccordionId\">\r\n                                        <div class=\"accordion-body\">\r\n                                            <p> Les r\u00e9sultats sont imm\u00e9diats mais l'interpr\u00e9tation se fera lors de votre prochain suivi avec le docteur.<\/p>\r\n                                        <\/div>\r\n                                    <\/div>\r\n                                <\/div>\r\n                                                                <div class=\"accordion-item\">\r\n                                    <button class=\"accordion-button collapsed\" type=\"button\" data-bs-toggle=\"collapse\" data-bs-target=\"#collapsefaq17\" aria-expanded=\"false\">\r\n                                        Est-ce que je pourrais avoir une copie des mes r\u00e9sultats?                                    <\/button>\r\n                                    <div id=\"collapsefaq17\" class=\"accordion-collapse collapse \" data-bs-parent=\"#FaqAccordionId\">\r\n                                        <div class=\"accordion-body\">\r\n                                            <p> Oui, n\u2019h\u00e9sitez pas \u00e0 le demander une fois le gaz test termin\u00e9.<\/p>\r\n                                        <\/div>\r\n                                    <\/div>\r\n                                <\/div>\r\n                                                            <\/div>\r\n                        <\/div>\r\n                    <\/div>\r\n                <\/div>\r\n            <\/div>\r\n        <\/div>\r\n        \t\t\t\t<\/div>\n\t\t\t\t<\/div>\n\t\t\t\t\t<\/div>\n\t\t<\/div>\n\t\t\t\t\t<\/div>\n\t\t<\/div>\n\t\t\t\t<\/div>\n\t\t","protected":false},"excerpt":{"rendered":"<p>Dr Denef M\u00e9decin g\u00e9n\u00e9raliste Trilingue (Fran\u00e7ais, Anglais, N\u00e9erlandais), je suis dipl\u00f4m\u00e9e de l\u2019Universit\u00e9 catholique de Louvain (KUL) depuis 1997. J&rsquo;ai travaill\u00e9 pendant 15 ans en tant que m\u00e9decin g\u00e9n\u00e9raliste, dont 10 ans \u00e0 Gen\u00e8ve. Suite \u00e0 une d\u00e9gradation rapide de l&rsquo;\u00e9tat de sant\u00e9 de l&rsquo;un de mes enfants ( je vous explique tout en d\u00e9tails <\/p>\n","protected":false},"author":1,"featured_media":0,"parent":0,"menu_order":0,"comment_status":"closed","ping_status":"closed","template":"","meta":{"_acf_changed":false,"footnotes":""},"class_list":["post-1729","page","type-page","status-publish","hentry"],"acf":[],"_links":{"self":[{"href":"https:\/\/drdenef.com\/fr\/wp-json\/wp\/v2\/pages\/1729","targetHints":{"allow":["GET"]}}],"collection":[{"href":"https:\/\/drdenef.com\/fr\/wp-json\/wp\/v2\/pages"}],"about":[{"href":"https:\/\/drdenef.com\/fr\/wp-json\/wp\/v2\/types\/page"}],"author":[{"embeddable":true,"href":"https:\/\/drdenef.com\/fr\/wp-json\/wp\/v2\/users\/1"}],"replies":[{"embeddable":true,"href":"https:\/\/drdenef.com\/fr\/wp-json\/wp\/v2\/comments?post=1729"}],"version-history":[{"count":159,"href":"https:\/\/drdenef.com\/fr\/wp-json\/wp\/v2\/pages\/1729\/revisions"}],"predecessor-version":[{"id":3105,"href":"https:\/\/drdenef.com\/fr\/wp-json\/wp\/v2\/pages\/1729\/revisions\/3105"}],"wp:attachment":[{"href":"https:\/\/drdenef.com\/fr\/wp-json\/wp\/v2\/media?parent=1729"}],"curies":[{"name":"wp","href":"https:\/\/api.w.org\/{rel}","templated":true}]}}